{"id":2677,"date":"2021-02-25T20:40:24","date_gmt":"2021-02-25T23:40:24","guid":{"rendered":"https:\/\/colegiomontessori.cl\/wp2\/?page_id=2677"},"modified":"2023-02-22T15:18:35","modified_gmt":"2023-02-22T18:18:35","slug":"noticias","status":"publish","type":"page","link":"https:\/\/colegiomontessori.cl\/wp2\/noticias\/","title":{"rendered":"Noticias"},"content":{"rendered":"\t\t<div data-elementor-type=\"wp-page\" data-elementor-id=\"2677\" class=\"elementor elementor-2677\" data-elementor-post-type=\"page\">\n\t\t\t\t\t\t\t\t\t<section class=\"elementor-section elementor-top-section elementor-element elementor-element-7e994259 elementor-section-stretched elementor-section-boxed elementor-section-height-default elementor-section-height-default\" data-id=\"7e994259\" data-element_type=\"section\" data-settings=\"{&quot;stretch_section&quot;:&quot;section-stretched&quot;}\">\n\t\t\t\t\t\t<div class=\"elementor-container elementor-column-gap-default\">\n\t\t\t\t\t<div class=\"elementor-column elementor-col-100 elementor-top-column elementor-element elementor-element-35849f35\" data-id=\"35849f35\" data-element_type=\"column\">\n\t\t\t<div class=\"elementor-widget-wrap\">\n\t\t\t\t\t\t\t\t\t<\/div>\n\t\t<\/div>\n\t\t\t\t\t\t\t<\/div>\n\t\t<\/section>\n\t\t\t\t<section class=\"elementor-section elementor-top-section elementor-element elementor-element-15c8ff2 elementor-section-stretched elementor-section-boxed elementor-section-height-default elementor-section-height-default\" data-id=\"15c8ff2\" data-element_type=\"section\" data-settings=\"{&quot;stretch_section&quot;:&quot;section-stretched&quot;}\">\n\t\t\t\t\t\t<div class=\"elementor-container elementor-column-gap-narrow\">\n\t\t\t\t\t<div class=\"elementor-column elementor-col-100 elementor-top-column elementor-element elementor-element-47ffd59\" data-id=\"47ffd59\" data-element_type=\"column\">\n\t\t\t<div class=\"elementor-widget-wrap elementor-element-populated\">\n\t\t\t\t\t\t\t\t<div class=\"elementor-element elementor-element-95060d8 elementor-widget elementor-widget-blogmentor_blog_posts\" data-id=\"95060d8\" data-element_type=\"widget\" data-widget_type=\"blogmentor_blog_posts.default\">\n\t\t\t\t<div class=\"elementor-widget-container\">\n\t\t\t\t\t\n\t\t\t\t\t<div class=\"upl-main\">\n\t\t<div class=\"upl-container\">\n\t\t\t\t\t\t\t<div class=\"upl-left-section bm_content_box\">\n\t\t\t\t\t\t\t\t<div class=\"bm-post-image clearfix bm-hover-effect\">\n\t\t\t\t\t<div class=\"upl-image\" style=\"background-image: url('https:\/\/colegiomontessori.cl\/wp2\/wp-content\/uploads\/2026\/04\/feria-geografica-9-scaled.jpg')\"><\/div>\n\t\t\t\t<\/div>\n\t\t\t\t<div class=\"upl-author\"><img decoding=\"async\" src=\"https:\/\/secure.gravatar.com\/avatar\/334370bcd27eedab9f9b93d4b56b4e986ed6aec950074cda3cdc50b62b102622?s=96&d=mm&r=g\"><\/div>\n\t\t\t\t<div class=\"upl-title bm_title\"><a href=\"https:\/\/colegiomontessori.cl\/wp2\/2026\/04\/27\/feria-geografica-estudiantes-de-5-basico-conocen-las-zonas-naturales-de-chile\/\" rel=\"bookmark\">\"Feria Geogr\u00e1fica\": Estudiantes de 5\u00b0 b\u00e1sico conocen las zonas naturales de Chile<\/a><\/div>\t\t\t\t\t<div class=\"upl-excerpt bm_content\"> En el marco de la asignatura de Historia y Geograf\u00eda los estudiantes de 5\u00b0 a\u00f1os b\u00e1sicos A y B representaron y caracterizaron una zona natural de Chile, creando coloridas maquetas&hellip; <\/div>\n\t\t\t\t\t\t\t\t\t<div class=\"upl-cat-date bm_meta\">\n\t\t\t\t\t\tComunicaciones | 27\/04\/2026 \t\t\t\t\t<\/div>\n\t\t\t\t\t\t\t<\/div>\n\t\t\t\n\t\t\t\t\t\t<div class=\"upl-right-section\">\n\t\t\t\t<div class=\"upl-top bm_content_box\">\n\t\t\t\t\t<div class=\"bm-post-image clearfix bm-hover-effect\">\n\t\t\t\t\t\t<div class=\"upl-image\" style=\"background-image: url('https:\/\/colegiomontessori.cl\/wp2\/wp-content\/uploads\/2026\/04\/dia-del-carabinero-2026.png')\"><\/div>\n\t\t\t\t\t<\/div>\n\t\t\t\t\t<div class=\"upl-author\">\n\t\t\t\t\t\t<img decoding=\"async\" src=\"https:\/\/secure.gravatar.com\/avatar\/334370bcd27eedab9f9b93d4b56b4e986ed6aec950074cda3cdc50b62b102622?s=96&d=mm&r=g\">\n\t\t\t\t\t<\/div>\n\t\t\t\t\t<div class=\"upl-title bm_title\"><a href=\"https:\/\/colegiomontessori.cl\/wp2\/2026\/04\/27\/27-de-abril-dia-del-carabinero-3\/\" rel=\"bookmark\">27 de Abril: D\u00eda del Carabinero<\/a><\/div>\t\t\t\t\t\t<div class=\"upl-excerpt bm_content\"> Hoy lunes 27 de abril conmemoramos el D\u00eda del Carabinero en Chile,&hellip; <\/div>\n\t\t\t\t\t\t\t\t\t\t\t<div class=\"upl-cat-date bm_meta\">\n\t\t\t\t\t\tComunicaciones | 27\/04\/2026 \t\t\t\t\t\t<\/div>\n\t\t\t\t\t\t\t\t\t<\/div>\n\t\t\t\t\t\t\t<div class=\"upl-bottom bm_content_box\">\n\t\t\t\t\t<div class=\"bm-post-image clearfix bm-hover-effect\">\n\t\t\t\t\t\t<div class=\"upl-image\" style=\"background-image: url('https:\/\/colegiomontessori.cl\/wp2\/wp-content\/uploads\/2026\/04\/taller-ciberacoso-7-basico-1-scaled.jpg')\"><\/div>\n\t\t\t\t\t<\/div>\n\t\t\t\t\t<div class=\"upl-author\">\n\t\t\t\t\t\t<img decoding=\"async\" src=\"https:\/\/secure.gravatar.com\/avatar\/334370bcd27eedab9f9b93d4b56b4e986ed6aec950074cda3cdc50b62b102622?s=96&d=mm&r=g\">\n\t\t\t\t\t<\/div>\n\t\t\t\t\t<div class=\"upl-title bm_title\"><a href=\"https:\/\/colegiomontessori.cl\/wp2\/2026\/04\/24\/convivencia-escolar-inicia-intervenciones-preventivas-para-el-ano-escolar-2026-con-estudiantes-de-7-basico\/\" rel=\"bookmark\">Convivencia Escolar inicia intervenciones preventivas para el A\u00f1o Escolar 2026 con estudiantes de 7\u00b0 B\u00e1sico<\/a><\/div>\t\t\t\t\t\t<div class=\"upl-excerpt bm_content\"> Junto a nuestros estudiantes de s\u00e9ptimos b\u00e1sicos A y B iniciamos las&hellip; <\/div>\n\t\t\t\t\t\t\t\t\t\t\t<div class=\"upl-cat-date bm_meta\">\n\t\t\t\t\t\tComunicaciones | 24\/04\/2026 \t\t\t\t\t\t<\/div>\n\t\t\t\t\t\t\t\t\t<\/div>\n\t\t\t\t\t\t<\/div>\n\t\t<\/div>\n\t<\/div>\n\n\t<div class=\"upl-second-section\">\n\t\t\t\t\t<div class=\"upl-second bm_content_box\">\n\t\t\t\t<div class=\"bm-post-image clearfix bm-hover-effect\">\n\t\t\t\t\t<div class=\"upl-image\" style=\"background-image: url('https:\/\/colegiomontessori.cl\/wp2\/wp-content\/uploads\/2026\/04\/REUNIONES-ABRIL-2026-1.png')\"><\/div>\n\t\t\t\t<\/div>\n\t\t\t\t<div class=\"upl-author\">\n\t\t\t\t\t<img decoding=\"async\" src=\"https:\/\/secure.gravatar.com\/avatar\/334370bcd27eedab9f9b93d4b56b4e986ed6aec950074cda3cdc50b62b102622?s=96&d=mm&r=g\">\n\t\t\t\t<\/div>\n\t\t\t\t<div class=\"upl-title bm_title\"><a href=\"https:\/\/colegiomontessori.cl\/wp2\/2026\/04\/23\/reunion-de-padres-y-apoderados-jornada-tarde-29-y-30-de-abril\/\" rel=\"bookmark\">Reuni\u00f3n de Padres y Apoderados \/ Jornada Tarde \/ 29 y 30 de Abril<\/a><\/div>\t\t\t\t\t<div class=\"upl-excerpt bm_content\"> Estimados Padres y Apoderados, Junto con saludar, les invitamos cordialmente a participar&hellip; <\/div>\n\t\t\t\t\t\t\t\t\t<div class=\"upl-cat-date bm_meta\">Comunicaciones | 23\/04\/2026 \t\t\t\t\t<\/div>\n\t\t\t\t\t\t\t<\/div>\n\t\t\t\t\t<div class=\"upl-second bm_content_box\">\n\t\t\t\t<div class=\"bm-post-image clearfix bm-hover-effect\">\n\t\t\t\t\t<div class=\"upl-image\" style=\"background-image: url('https:\/\/colegiomontessori.cl\/wp2\/wp-content\/uploads\/2026\/04\/AFICHE-DIA-DEL-LIBRO-2026.png')\"><\/div>\n\t\t\t\t<\/div>\n\t\t\t\t<div class=\"upl-author\">\n\t\t\t\t\t<img decoding=\"async\" src=\"https:\/\/secure.gravatar.com\/avatar\/334370bcd27eedab9f9b93d4b56b4e986ed6aec950074cda3cdc50b62b102622?s=96&d=mm&r=g\">\n\t\t\t\t<\/div>\n\t\t\t\t<div class=\"upl-title bm_title\"><a href=\"https:\/\/colegiomontessori.cl\/wp2\/2026\/04\/23\/23-de-abril-celebramos-el-dia-del-libro\/\" rel=\"bookmark\">23 de Abril: \u00a1Celebramos el D\u00eda del Libro!<\/a><\/div>\t\t\t\t\t<div class=\"upl-excerpt bm_content\"> Hoy celebramos el poder de las historias, la imaginaci\u00f3n y el conocimiento.&hellip; <\/div>\n\t\t\t\t\t\t\t\t\t<div class=\"upl-cat-date bm_meta\">Comunicaciones | 23\/04\/2026 \t\t\t\t\t<\/div>\n\t\t\t\t\t\t\t<\/div>\n\t\t\t\t\t<div class=\"upl-second bm_content_box\">\n\t\t\t\t<div class=\"bm-post-image clearfix bm-hover-effect\">\n\t\t\t\t\t<div class=\"upl-image\" style=\"background-image: url('https:\/\/colegiomontessori.cl\/wp2\/wp-content\/uploads\/2026\/04\/DIA-DE-LA-TIERRA-2026.png')\"><\/div>\n\t\t\t\t<\/div>\n\t\t\t\t<div class=\"upl-author\">\n\t\t\t\t\t<img decoding=\"async\" src=\"https:\/\/secure.gravatar.com\/avatar\/334370bcd27eedab9f9b93d4b56b4e986ed6aec950074cda3cdc50b62b102622?s=96&d=mm&r=g\">\n\t\t\t\t<\/div>\n\t\t\t\t<div class=\"upl-title bm_title\"><a href=\"https:\/\/colegiomontessori.cl\/wp2\/2026\/04\/22\/dia-de-la-tierra-cuidar-hoy-vivir-manana\/\" rel=\"bookmark\">D\u00eda de la Tierra: Cuidar hoy, vivir ma\u00f1ana<\/a><\/div>\t\t\t\t\t<div class=\"upl-excerpt bm_content\"> Hoy martes 22 de abril conmemoramos el D\u00eda de la Tierra, una&hellip; <\/div>\n\t\t\t\t\t\t\t\t\t<div class=\"upl-cat-date bm_meta\">Comunicaciones | 22\/04\/2026 \t\t\t\t\t<\/div>\n\t\t\t\t\t\t\t<\/div>\n\t\t\t<\/div>\n\t\t\t<div class=\"bm-pagination pagination_style_1\">\n\t\t\t\t<span aria-current=\"page\" class=\"page-numbers current\">1<\/span>\n<a class=\"page-numbers\" href=\"https:\/\/colegiomontessori.cl\/wp2\/wp-json\/wp\/v2\/pages\/2677\/page\/2\/\">2<\/a>\n<span class=\"page-numbers dots\">&hellip;<\/span>\n<a class=\"page-numbers\" href=\"https:\/\/colegiomontessori.cl\/wp2\/wp-json\/wp\/v2\/pages\/2677\/page\/334\/\">334<\/a>\n<a class=\"page-numbers\" href=\"https:\/\/colegiomontessori.cl\/wp2\/wp-json\/wp\/v2\/pages\/2677\/page\/335\/\">335<\/a>\n<a class=\"next page-numbers\" href=\"https:\/\/colegiomontessori.cl\/wp2\/wp-json\/wp\/v2\/pages\/2677\/page\/2\/\">  <i><\/i><\/a>\t\t\t<\/div>\n\t\t\t\t<\/div>\n\t\t\t\t<\/div>\n\t\t\t\t\t<\/div>\n\t\t<\/div>\n\t\t\t\t\t\t\t<\/div>\n\t\t<\/section>\n\t\t\t\t<section class=\"elementor-section elementor-top-section elementor-element elementor-element-3e511adf elementor-section-stretched elementor-section-boxed elementor-section-height-default elementor-section-height-default\" data-id=\"3e511adf\" data-element_type=\"section\" data-settings=\"{&quot;stretch_section&quot;:&quot;section-stretched&quot;}\">\n\t\t\t\t\t\t<div class=\"elementor-container elementor-column-gap-default\">\n\t\t\t\t\t<div class=\"elementor-column elementor-col-100 elementor-top-column elementor-element elementor-element-166e4eff\" data-id=\"166e4eff\" data-element_type=\"column\">\n\t\t\t<div class=\"elementor-widget-wrap\">\n\t\t\t\t\t\t\t\t\t<\/div>\n\t\t<\/div>\n\t\t\t\t\t\t\t<\/div>\n\t\t<\/section>\n\t\t\t\t\t\t\t<\/div>\n\t\t","protected":false},"excerpt":{"rendered":"<p>Ni\u00f1os de K\u00ednder aprenden a conocerse, amar y cuidar su cuerpo Los alumnos de educaci\u00f3n preb\u00e1sica presentaron sus autorretratos a la comunidad escolar. Muy motivados y llenos de la alegr\u00eda que los caracteriza llegaron este a\u00f1o los alumnos de K\u00ednder, quienes&hellip; Comunicaciones | 20\/03\/2021 Reuniones de Apoderados \u2013 24, 25 y 26 de Marzo A &hellip;<\/p>\n<p class=\"read-more\"> <a class=\"\" href=\"https:\/\/colegiomontessori.cl\/wp2\/noticias\/\"> <span class=\"screen-reader-text\">Noticias<\/span> Leer m\u00e1s &raquo;<\/a><\/p>\n","protected":false},"author":2,"featured_media":0,"parent":0,"menu_order":0,"comment_status":"closed","ping_status":"closed","template":"","meta":{"footnotes":""},"class_list":["post-2677","page","type-page","status-publish","hentry"],"_links":{"self":[{"href":"https:\/\/colegiomontessori.cl\/wp2\/wp-json\/wp\/v2\/pages\/2677","targetHints":{"allow":["GET"]}}],"collection":[{"href":"https:\/\/colegiomontessori.cl\/wp2\/wp-json\/wp\/v2\/pages"}],"about":[{"href":"https:\/\/colegiomontessori.cl\/wp2\/wp-json\/wp\/v2\/types\/page"}],"author":[{"embeddable":true,"href":"https:\/\/colegiomontessori.cl\/wp2\/wp-json\/wp\/v2\/users\/2"}],"replies":[{"embeddable":true,"href":"https:\/\/colegiomontessori.cl\/wp2\/wp-json\/wp\/v2\/comments?post=2677"}],"version-history":[{"count":46,"href":"https:\/\/colegiomontessori.cl\/wp2\/wp-json\/wp\/v2\/pages\/2677\/revisions"}],"predecessor-version":[{"id":15438,"href":"https:\/\/colegiomontessori.cl\/wp2\/wp-json\/wp\/v2\/pages\/2677\/revisions\/15438"}],"wp:attachment":[{"href":"https:\/\/colegiomontessori.cl\/wp2\/wp-json\/wp\/v2\/media?parent=2677"}],"curies":[{"name":"wp","href":"https:\/\/api.w.org\/{rel}","templated":true}]}}